{"id":3626,"date":"2021-09-24T08:58:25","date_gmt":"2021-09-24T06:58:25","guid":{"rendered":"http:\/\/www.fotofreunde-wertheim.de\/wp\/?page_id=3626"},"modified":"2024-01-30T14:26:37","modified_gmt":"2024-01-30T12:26:37","slug":"quartalswettbewerb-i-2021-strukturen","status":"publish","type":"page","link":"https:\/\/www.fotofreunde-wertheim.de\/wp\/quartalswettbewerbe\/quartalswettbewerb-i-2021-strukturen\/","title":{"rendered":"Quartalswettbewerb I\/2021 \u201eStrukturen\u201c"},"content":{"rendered":"\n<p>Der 1. Quartalswettbewerb 2021 mit dem Thema &#8222;Strukturen&#8220; ist entschieden:<\/p>\n\n\n\n<p>&#8222;Papierbilder&#8220;:<\/p>\n\n\n\n<ol class=\"wp-block-list\"><li>Platz: J\u00fcrgen Schreck<\/li><li>Platz Helmut Lippert<\/li><li>Pl\u00e4tze J\u00fcrgen Schreck, Klaus Neubauer, Werner Scheuermann<\/li><\/ol>\n\n\n\n<p>Digital-Bilder:<\/p>\n\n\n\n<ol class=\"wp-block-list\"><li>Pl\u00e4tze: Karin Heim, Klaus Neubauer, J\u00fcrgen Schreck<\/li><li>Platz: Helmut Lippert <\/li><li>Platz: J\u00fcrgen Schreck<\/li><\/ol>\n\n\n\n<p>Herzlichen Gl\u00fcckwunsch den Gewinnern!<\/p>\n\n\n\n<figure class=\"wp-block-gallery columns-3 is-cropped wp-block-gallery-1 is-layout-flex wp-block-gallery-is-layout-flex\"><ul class=\"blocks-gallery-grid\"><li class=\"blocks-gallery-item\"><figure><a href=\"https:\/\/www.fotofreunde-wertheim.de\/wp\/?attachment_id=3686\"><img loading=\"lazy\" decoding=\"async\" width=\"1024\" height=\"652\" src=\"https:\/\/www.fotofreunde-wertheim.de\/wp\/wp-content\/uploads\/2021\/09\/2021-q1b-1-heim-1024x652.jpg\" alt=\"\" data-id=\"3686\" data-link=\"https:\/\/www.fotofreunde-wertheim.de\/wp\/?attachment_id=3686\" class=\"wp-image-3686\" srcset=\"https:\/\/www.fotofreunde-wertheim.de\/wp\/wp-content\/uploads\/2021\/09\/2021-q1b-1-heim-1024x652.jpg 1024w, https:\/\/www.fotofreunde-wertheim.de\/wp\/wp-content\/uploads\/2021\/09\/2021-q1b-1-heim-300x191.jpg 300w, https:\/\/www.fotofreunde-wertheim.de\/wp\/wp-content\/uploads\/2021\/09\/2021-q1b-1-heim-768x489.jpg 768w, https:\/\/www.fotofreunde-wertheim.de\/wp\/wp-content\/uploads\/2021\/09\/2021-q1b-1-heim-676x430.jpg 676w, https:\/\/www.fotofreunde-wertheim.de\/wp\/wp-content\/uploads\/2021\/09\/2021-q1b-1-heim.jpg 1920w\" sizes=\"auto, (max-width: 1024px) 100vw, 1024px\" \/><\/a><\/figure><\/li><li class=\"blocks-gallery-item\"><figure><a href=\"https:\/\/www.fotofreunde-wertheim.de\/wp\/?attachment_id=3687\"><img loading=\"lazy\" decoding=\"async\" width=\"1024\" height=\"694\" src=\"https:\/\/www.fotofreunde-wertheim.de\/wp\/wp-content\/uploads\/2021\/09\/2021-q1b-1-neubauer-1024x694.jpg\" alt=\"\" data-id=\"3687\" data-link=\"https:\/\/www.fotofreunde-wertheim.de\/wp\/?attachment_id=3687\" class=\"wp-image-3687\" srcset=\"https:\/\/www.fotofreunde-wertheim.de\/wp\/wp-content\/uploads\/2021\/09\/2021-q1b-1-neubauer-1024x694.jpg 1024w, https:\/\/www.fotofreunde-wertheim.de\/wp\/wp-content\/uploads\/2021\/09\/2021-q1b-1-neubauer-300x203.jpg 300w, https:\/\/www.fotofreunde-wertheim.de\/wp\/wp-content\/uploads\/2021\/09\/2021-q1b-1-neubauer-768x520.jpg 768w, https:\/\/www.fotofreunde-wertheim.de\/wp\/wp-content\/uploads\/2021\/09\/2021-q1b-1-neubauer-676x458.jpg 676w\" sizes=\"auto, (max-width: 1024px) 100vw, 1024px\" \/><\/a><\/figure><\/li><li class=\"blocks-gallery-item\"><figure><a href=\"https:\/\/www.fotofreunde-wertheim.de\/wp\/?attachment_id=3688\"><img loading=\"lazy\" decoding=\"async\" width=\"1024\" height=\"683\" src=\"https:\/\/www.fotofreunde-wertheim.de\/wp\/wp-content\/uploads\/2021\/09\/2021-q1b-1-schreck-1024x683.jpg\" alt=\"\" data-id=\"3688\" data-link=\"https:\/\/www.fotofreunde-wertheim.de\/wp\/?attachment_id=3688\" class=\"wp-image-3688\" srcset=\"https:\/\/www.fotofreunde-wertheim.de\/wp\/wp-content\/uploads\/2021\/09\/2021-q1b-1-schreck-1024x683.jpg 1024w, https:\/\/www.fotofreunde-wertheim.de\/wp\/wp-content\/uploads\/2021\/09\/2021-q1b-1-schreck-300x200.jpg 300w, https:\/\/www.fotofreunde-wertheim.de\/wp\/wp-content\/uploads\/2021\/09\/2021-q1b-1-schreck-768x512.jpg 768w, https:\/\/www.fotofreunde-wertheim.de\/wp\/wp-content\/uploads\/2021\/09\/2021-q1b-1-schreck-676x451.jpg 676w, https:\/\/www.fotofreunde-wertheim.de\/wp\/wp-content\/uploads\/2021\/09\/2021-q1b-1-schreck.jpg 1920w\" sizes=\"auto, (max-width: 1024px) 100vw, 1024px\" \/><\/a><\/figure><\/li><li class=\"blocks-gallery-item\"><figure><a href=\"https:\/\/www.fotofreunde-wertheim.de\/wp\/?attachment_id=3689\"><img loading=\"lazy\" decoding=\"async\" width=\"1024\" height=\"662\" src=\"https:\/\/www.fotofreunde-wertheim.de\/wp\/wp-content\/uploads\/2021\/09\/2021-q1b-2-lippert-1024x662.jpg\" alt=\"\" data-id=\"3689\" data-link=\"https:\/\/www.fotofreunde-wertheim.de\/wp\/?attachment_id=3689\" class=\"wp-image-3689\" srcset=\"https:\/\/www.fotofreunde-wertheim.de\/wp\/wp-content\/uploads\/2021\/09\/2021-q1b-2-lippert-1024x662.jpg 1024w, https:\/\/www.fotofreunde-wertheim.de\/wp\/wp-content\/uploads\/2021\/09\/2021-q1b-2-lippert-300x194.jpg 300w, https:\/\/www.fotofreunde-wertheim.de\/wp\/wp-content\/uploads\/2021\/09\/2021-q1b-2-lippert-768x497.jpg 768w, https:\/\/www.fotofreunde-wertheim.de\/wp\/wp-content\/uploads\/2021\/09\/2021-q1b-2-lippert-676x437.jpg 676w\" sizes=\"auto, (max-width: 1024px) 100vw, 1024px\" \/><\/a><\/figure><\/li><li class=\"blocks-gallery-item\"><figure><a href=\"https:\/\/www.fotofreunde-wertheim.de\/wp\/?attachment_id=3690\"><img loading=\"lazy\" decoding=\"async\" width=\"1024\" height=\"577\" src=\"https:\/\/www.fotofreunde-wertheim.de\/wp\/wp-content\/uploads\/2021\/09\/2021-q1b-3-schreck-1024x577.jpg\" alt=\"\" data-id=\"3690\" data-link=\"https:\/\/www.fotofreunde-wertheim.de\/wp\/?attachment_id=3690\" class=\"wp-image-3690\" srcset=\"https:\/\/www.fotofreunde-wertheim.de\/wp\/wp-content\/uploads\/2021\/09\/2021-q1b-3-schreck-1024x577.jpg 1024w, https:\/\/www.fotofreunde-wertheim.de\/wp\/wp-content\/uploads\/2021\/09\/2021-q1b-3-schreck-300x169.jpg 300w, https:\/\/www.fotofreunde-wertheim.de\/wp\/wp-content\/uploads\/2021\/09\/2021-q1b-3-schreck-768x432.jpg 768w, https:\/\/www.fotofreunde-wertheim.de\/wp\/wp-content\/uploads\/2021\/09\/2021-q1b-3-schreck-676x381.jpg 676w, https:\/\/www.fotofreunde-wertheim.de\/wp\/wp-content\/uploads\/2021\/09\/2021-q1b-3-schreck.jpg 1920w\" sizes=\"auto, (max-width: 1024px) 100vw, 1024px\" \/><\/a><\/figure><\/li><li class=\"blocks-gallery-item\"><figure><a href=\"https:\/\/www.fotofreunde-wertheim.de\/wp\/?attachment_id=3691\"><img loading=\"lazy\" decoding=\"async\" width=\"1024\" height=\"680\" src=\"https:\/\/www.fotofreunde-wertheim.de\/wp\/wp-content\/uploads\/2021\/09\/2021-q1b-4-neubauer-1024x680.jpg\" alt=\"\" data-id=\"3691\" data-link=\"https:\/\/www.fotofreunde-wertheim.de\/wp\/?attachment_id=3691\" class=\"wp-image-3691\" srcset=\"https:\/\/www.fotofreunde-wertheim.de\/wp\/wp-content\/uploads\/2021\/09\/2021-q1b-4-neubauer-1024x680.jpg 1024w, https:\/\/www.fotofreunde-wertheim.de\/wp\/wp-content\/uploads\/2021\/09\/2021-q1b-4-neubauer-300x199.jpg 300w, https:\/\/www.fotofreunde-wertheim.de\/wp\/wp-content\/uploads\/2021\/09\/2021-q1b-4-neubauer-768x510.jpg 768w, https:\/\/www.fotofreunde-wertheim.de\/wp\/wp-content\/uploads\/2021\/09\/2021-q1b-4-neubauer-676x449.jpg 676w\" sizes=\"auto, (max-width: 1024px) 100vw, 1024px\" \/><\/a><\/figure><\/li><li class=\"blocks-gallery-item\"><figure><a href=\"https:\/\/www.fotofreunde-wertheim.de\/wp\/?attachment_id=3692\"><img loading=\"lazy\" decoding=\"async\" width=\"1024\" height=\"684\" src=\"https:\/\/www.fotofreunde-wertheim.de\/wp\/wp-content\/uploads\/2021\/09\/2021-q1b-4-scheuermann-1024x684.jpg\" alt=\"\" data-id=\"3692\" data-link=\"https:\/\/www.fotofreunde-wertheim.de\/wp\/?attachment_id=3692\" class=\"wp-image-3692\" srcset=\"https:\/\/www.fotofreunde-wertheim.de\/wp\/wp-content\/uploads\/2021\/09\/2021-q1b-4-scheuermann-1024x684.jpg 1024w, https:\/\/www.fotofreunde-wertheim.de\/wp\/wp-content\/uploads\/2021\/09\/2021-q1b-4-scheuermann-300x200.jpg 300w, https:\/\/www.fotofreunde-wertheim.de\/wp\/wp-content\/uploads\/2021\/09\/2021-q1b-4-scheuermann-768x513.jpg 768w, https:\/\/www.fotofreunde-wertheim.de\/wp\/wp-content\/uploads\/2021\/09\/2021-q1b-4-scheuermann-676x452.jpg 676w, https:\/\/www.fotofreunde-wertheim.de\/wp\/wp-content\/uploads\/2021\/09\/2021-q1b-4-scheuermann.jpg 1920w\" sizes=\"auto, (max-width: 1024px) 100vw, 1024px\" \/><\/a><\/figure><\/li><li class=\"blocks-gallery-item\"><figure><a href=\"https:\/\/www.fotofreunde-wertheim.de\/wp\/?attachment_id=3693\"><img loading=\"lazy\" decoding=\"async\" width=\"1024\" height=\"725\" src=\"https:\/\/www.fotofreunde-wertheim.de\/wp\/wp-content\/uploads\/2021\/09\/2021-q1b-5-scheuermann-1024x725.jpg\" alt=\"\" data-id=\"3693\" data-link=\"https:\/\/www.fotofreunde-wertheim.de\/wp\/?attachment_id=3693\" class=\"wp-image-3693\" srcset=\"https:\/\/www.fotofreunde-wertheim.de\/wp\/wp-content\/uploads\/2021\/09\/2021-q1b-5-scheuermann-1024x725.jpg 1024w, https:\/\/www.fotofreunde-wertheim.de\/wp\/wp-content\/uploads\/2021\/09\/2021-q1b-5-scheuermann-300x213.jpg 300w, https:\/\/www.fotofreunde-wertheim.de\/wp\/wp-content\/uploads\/2021\/09\/2021-q1b-5-scheuermann-768x544.jpg 768w, https:\/\/www.fotofreunde-wertheim.de\/wp\/wp-content\/uploads\/2021\/09\/2021-q1b-5-scheuermann-676x479.jpg 676w, https:\/\/www.fotofreunde-wertheim.de\/wp\/wp-content\/uploads\/2021\/09\/2021-q1b-5-scheuermann.jpg 1920w\" sizes=\"auto, (max-width: 1024px) 100vw, 1024px\" \/><\/a><\/figure><\/li><li class=\"blocks-gallery-item\"><figure><a href=\"https:\/\/www.fotofreunde-wertheim.de\/wp\/?attachment_id=3694\"><img loading=\"lazy\" decoding=\"async\" width=\"1024\" height=\"683\" src=\"https:\/\/www.fotofreunde-wertheim.de\/wp\/wp-content\/uploads\/2021\/09\/2021-q1p-1-schreck-1024x683.jpg\" alt=\"\" data-id=\"3694\" data-link=\"https:\/\/www.fotofreunde-wertheim.de\/wp\/?attachment_id=3694\" class=\"wp-image-3694\" srcset=\"https:\/\/www.fotofreunde-wertheim.de\/wp\/wp-content\/uploads\/2021\/09\/2021-q1p-1-schreck-1024x683.jpg 1024w, https:\/\/www.fotofreunde-wertheim.de\/wp\/wp-content\/uploads\/2021\/09\/2021-q1p-1-schreck-300x200.jpg 300w, https:\/\/www.fotofreunde-wertheim.de\/wp\/wp-content\/uploads\/2021\/09\/2021-q1p-1-schreck-768x512.jpg 768w, https:\/\/www.fotofreunde-wertheim.de\/wp\/wp-content\/uploads\/2021\/09\/2021-q1p-1-schreck-676x451.jpg 676w, https:\/\/www.fotofreunde-wertheim.de\/wp\/wp-content\/uploads\/2021\/09\/2021-q1p-1-schreck.jpg 1920w\" sizes=\"auto, (max-width: 1024px) 100vw, 1024px\" \/><\/a><\/figure><\/li><li class=\"blocks-gallery-item\"><figure><a href=\"https:\/\/www.fotofreunde-wertheim.de\/wp\/?attachment_id=3695\"><img loading=\"lazy\" decoding=\"async\" width=\"1024\" height=\"683\" src=\"https:\/\/www.fotofreunde-wertheim.de\/wp\/wp-content\/uploads\/2021\/09\/2021-q1p-2-lippert-1024x683.jpg\" alt=\"\" data-id=\"3695\" data-link=\"https:\/\/www.fotofreunde-wertheim.de\/wp\/?attachment_id=3695\" class=\"wp-image-3695\" srcset=\"https:\/\/www.fotofreunde-wertheim.de\/wp\/wp-content\/uploads\/2021\/09\/2021-q1p-2-lippert-1024x683.jpg 1024w, https:\/\/www.fotofreunde-wertheim.de\/wp\/wp-content\/uploads\/2021\/09\/2021-q1p-2-lippert-300x200.jpg 300w, https:\/\/www.fotofreunde-wertheim.de\/wp\/wp-content\/uploads\/2021\/09\/2021-q1p-2-lippert-768x512.jpg 768w, https:\/\/www.fotofreunde-wertheim.de\/wp\/wp-content\/uploads\/2021\/09\/2021-q1p-2-lippert-676x451.jpg 676w\" sizes=\"auto, (max-width: 1024px) 100vw, 1024px\" \/><\/a><\/figure><\/li><li class=\"blocks-gallery-item\"><figure><a href=\"https:\/\/www.fotofreunde-wertheim.de\/wp\/?attachment_id=3696\"><img loading=\"lazy\" decoding=\"async\" width=\"1024\" height=\"563\" src=\"https:\/\/www.fotofreunde-wertheim.de\/wp\/wp-content\/uploads\/2021\/09\/2021-q1p-3-neubauer-1024x563.jpg\" alt=\"\" data-id=\"3696\" data-link=\"https:\/\/www.fotofreunde-wertheim.de\/wp\/?attachment_id=3696\" class=\"wp-image-3696\" srcset=\"https:\/\/www.fotofreunde-wertheim.de\/wp\/wp-content\/uploads\/2021\/09\/2021-q1p-3-neubauer-1024x563.jpg 1024w, https:\/\/www.fotofreunde-wertheim.de\/wp\/wp-content\/uploads\/2021\/09\/2021-q1p-3-neubauer-300x165.jpg 300w, https:\/\/www.fotofreunde-wertheim.de\/wp\/wp-content\/uploads\/2021\/09\/2021-q1p-3-neubauer-768x422.jpg 768w, https:\/\/www.fotofreunde-wertheim.de\/wp\/wp-content\/uploads\/2021\/09\/2021-q1p-3-neubauer-676x372.jpg 676w\" sizes=\"auto, (max-width: 1024px) 100vw, 1024px\" \/><\/a><\/figure><\/li><li class=\"blocks-gallery-item\"><figure><a href=\"https:\/\/www.fotofreunde-wertheim.de\/wp\/?attachment_id=3697\"><img loading=\"lazy\" decoding=\"async\" width=\"1024\" height=\"1024\" src=\"https:\/\/www.fotofreunde-wertheim.de\/wp\/wp-content\/uploads\/2021\/09\/2021-q1p-3-scheuermann-1024x1024.jpg\" alt=\"\" data-id=\"3697\" data-link=\"https:\/\/www.fotofreunde-wertheim.de\/wp\/?attachment_id=3697\" class=\"wp-image-3697\" srcset=\"https:\/\/www.fotofreunde-wertheim.de\/wp\/wp-content\/uploads\/2021\/09\/2021-q1p-3-scheuermann-1024x1024.jpg 1024w, https:\/\/www.fotofreunde-wertheim.de\/wp\/wp-content\/uploads\/2021\/09\/2021-q1p-3-scheuermann-150x150.jpg 150w, https:\/\/www.fotofreunde-wertheim.de\/wp\/wp-content\/uploads\/2021\/09\/2021-q1p-3-scheuermann-300x300.jpg 300w, https:\/\/www.fotofreunde-wertheim.de\/wp\/wp-content\/uploads\/2021\/09\/2021-q1p-3-scheuermann-768x768.jpg 768w, https:\/\/www.fotofreunde-wertheim.de\/wp\/wp-content\/uploads\/2021\/09\/2021-q1p-3-scheuermann-676x676.jpg 676w, https:\/\/www.fotofreunde-wertheim.de\/wp\/wp-content\/uploads\/2021\/09\/2021-q1p-3-scheuermann.jpg 1920w\" sizes=\"auto, (max-width: 1024px) 100vw, 1024px\" \/><\/a><\/figure><\/li><li class=\"blocks-gallery-item\"><figure><a href=\"https:\/\/www.fotofreunde-wertheim.de\/wp\/?attachment_id=3698\"><img loading=\"lazy\" decoding=\"async\" width=\"1024\" height=\"683\" src=\"https:\/\/www.fotofreunde-wertheim.de\/wp\/wp-content\/uploads\/2021\/09\/2021-q1p-3-schreck-1024x683.jpg\" alt=\"\" data-id=\"3698\" data-link=\"https:\/\/www.fotofreunde-wertheim.de\/wp\/?attachment_id=3698\" class=\"wp-image-3698\" srcset=\"https:\/\/www.fotofreunde-wertheim.de\/wp\/wp-content\/uploads\/2021\/09\/2021-q1p-3-schreck-1024x683.jpg 1024w, https:\/\/www.fotofreunde-wertheim.de\/wp\/wp-content\/uploads\/2021\/09\/2021-q1p-3-schreck-300x200.jpg 300w, https:\/\/www.fotofreunde-wertheim.de\/wp\/wp-content\/uploads\/2021\/09\/2021-q1p-3-schreck-768x512.jpg 768w, https:\/\/www.fotofreunde-wertheim.de\/wp\/wp-content\/uploads\/2021\/09\/2021-q1p-3-schreck-676x451.jpg 676w, https:\/\/www.fotofreunde-wertheim.de\/wp\/wp-content\/uploads\/2021\/09\/2021-q1p-3-schreck.jpg 1920w\" sizes=\"auto, (max-width: 1024px) 100vw, 1024px\" \/><\/a><\/figure><\/li><li class=\"blocks-gallery-item\"><figure><a href=\"https:\/\/www.fotofreunde-wertheim.de\/wp\/?attachment_id=3699\"><img loading=\"lazy\" decoding=\"async\" width=\"1024\" height=\"730\" src=\"https:\/\/www.fotofreunde-wertheim.de\/wp\/wp-content\/uploads\/2021\/09\/2021-q1p-4-lippert-1024x730.jpg\" alt=\"\" data-id=\"3699\" data-link=\"https:\/\/www.fotofreunde-wertheim.de\/wp\/?attachment_id=3699\" class=\"wp-image-3699\" srcset=\"https:\/\/www.fotofreunde-wertheim.de\/wp\/wp-content\/uploads\/2021\/09\/2021-q1p-4-lippert-1024x730.jpg 1024w, https:\/\/www.fotofreunde-wertheim.de\/wp\/wp-content\/uploads\/2021\/09\/2021-q1p-4-lippert-300x214.jpg 300w, https:\/\/www.fotofreunde-wertheim.de\/wp\/wp-content\/uploads\/2021\/09\/2021-q1p-4-lippert-768x547.jpg 768w, https:\/\/www.fotofreunde-wertheim.de\/wp\/wp-content\/uploads\/2021\/09\/2021-q1p-4-lippert-676x482.jpg 676w\" sizes=\"auto, (max-width: 1024px) 100vw, 1024px\" \/><\/a><\/figure><\/li><li class=\"blocks-gallery-item\"><figure><a href=\"https:\/\/www.fotofreunde-wertheim.de\/wp\/?attachment_id=3700\"><img loading=\"lazy\" decoding=\"async\" width=\"1024\" height=\"680\" src=\"https:\/\/www.fotofreunde-wertheim.de\/wp\/wp-content\/uploads\/2021\/09\/2021-q1p-4-neubauer-1024x680.jpg\" alt=\"\" data-id=\"3700\" data-link=\"https:\/\/www.fotofreunde-wertheim.de\/wp\/?attachment_id=3700\" class=\"wp-image-3700\" srcset=\"https:\/\/www.fotofreunde-wertheim.de\/wp\/wp-content\/uploads\/2021\/09\/2021-q1p-4-neubauer-1024x680.jpg 1024w, https:\/\/www.fotofreunde-wertheim.de\/wp\/wp-content\/uploads\/2021\/09\/2021-q1p-4-neubauer-300x199.jpg 300w, https:\/\/www.fotofreunde-wertheim.de\/wp\/wp-content\/uploads\/2021\/09\/2021-q1p-4-neubauer-768x510.jpg 768w, https:\/\/www.fotofreunde-wertheim.de\/wp\/wp-content\/uploads\/2021\/09\/2021-q1p-4-neubauer-676x449.jpg 676w\" sizes=\"auto, (max-width: 1024px) 100vw, 1024px\" \/><\/a><\/figure><\/li><li class=\"blocks-gallery-item\"><figure><a href=\"https:\/\/www.fotofreunde-wertheim.de\/wp\/?attachment_id=3701\"><img loading=\"lazy\" decoding=\"async\" width=\"683\" height=\"1024\" src=\"https:\/\/www.fotofreunde-wertheim.de\/wp\/wp-content\/uploads\/2021\/09\/2021-q1p-4-scheuermann-683x1024.jpg\" alt=\"\" data-id=\"3701\" data-link=\"https:\/\/www.fotofreunde-wertheim.de\/wp\/?attachment_id=3701\" class=\"wp-image-3701\" srcset=\"https:\/\/www.fotofreunde-wertheim.de\/wp\/wp-content\/uploads\/2021\/09\/2021-q1p-4-scheuermann-683x1024.jpg 683w, https:\/\/www.fotofreunde-wertheim.de\/wp\/wp-content\/uploads\/2021\/09\/2021-q1p-4-scheuermann-200x300.jpg 200w, https:\/\/www.fotofreunde-wertheim.de\/wp\/wp-content\/uploads\/2021\/09\/2021-q1p-4-scheuermann-768x1152.jpg 768w, https:\/\/www.fotofreunde-wertheim.de\/wp\/wp-content\/uploads\/2021\/09\/2021-q1p-4-scheuermann-676x1014.jpg 676w, https:\/\/www.fotofreunde-wertheim.de\/wp\/wp-content\/uploads\/2021\/09\/2021-q1p-4-scheuermann.jpg 1280w\" sizes=\"auto, (max-width: 683px) 100vw, 683px\" \/><\/a><\/figure><\/li><li class=\"blocks-gallery-item\"><figure><a href=\"https:\/\/www.fotofreunde-wertheim.de\/wp\/?attachment_id=3702\"><img loading=\"lazy\" decoding=\"async\" width=\"1024\" height=\"678\" src=\"https:\/\/www.fotofreunde-wertheim.de\/wp\/wp-content\/uploads\/2021\/09\/2021-q1p-5-heim-1024x678.jpg\" alt=\"\" data-id=\"3702\" data-link=\"https:\/\/www.fotofreunde-wertheim.de\/wp\/?attachment_id=3702\" class=\"wp-image-3702\" srcset=\"https:\/\/www.fotofreunde-wertheim.de\/wp\/wp-content\/uploads\/2021\/09\/2021-q1p-5-heim-1024x678.jpg 1024w, https:\/\/www.fotofreunde-wertheim.de\/wp\/wp-content\/uploads\/2021\/09\/2021-q1p-5-heim-300x199.jpg 300w, https:\/\/www.fotofreunde-wertheim.de\/wp\/wp-content\/uploads\/2021\/09\/2021-q1p-5-heim-768x509.jpg 768w, https:\/\/www.fotofreunde-wertheim.de\/wp\/wp-content\/uploads\/2021\/09\/2021-q1p-5-heim-676x448.jpg 676w, https:\/\/www.fotofreunde-wertheim.de\/wp\/wp-content\/uploads\/2021\/09\/2021-q1p-5-heim.jpg 1920w\" sizes=\"auto, (max-width: 1024px) 100vw, 1024px\" \/><\/a><\/figure><\/li><li class=\"blocks-gallery-item\"><figure><a href=\"https:\/\/www.fotofreunde-wertheim.de\/wp\/?attachment_id=3703\"><img loading=\"lazy\" decoding=\"async\" width=\"1024\" height=\"565\" src=\"https:\/\/www.fotofreunde-wertheim.de\/wp\/wp-content\/uploads\/2021\/09\/2021-q1p-5-heneka-1024x565.jpg\" alt=\"\" data-id=\"3703\" data-link=\"https:\/\/www.fotofreunde-wertheim.de\/wp\/?attachment_id=3703\" class=\"wp-image-3703\" srcset=\"https:\/\/www.fotofreunde-wertheim.de\/wp\/wp-content\/uploads\/2021\/09\/2021-q1p-5-heneka-1024x565.jpg 1024w, https:\/\/www.fotofreunde-wertheim.de\/wp\/wp-content\/uploads\/2021\/09\/2021-q1p-5-heneka-300x165.jpg 300w, https:\/\/www.fotofreunde-wertheim.de\/wp\/wp-content\/uploads\/2021\/09\/2021-q1p-5-heneka-768x423.jpg 768w, https:\/\/www.fotofreunde-wertheim.de\/wp\/wp-content\/uploads\/2021\/09\/2021-q1p-5-heneka-676x373.jpg 676w\" sizes=\"auto, (max-width: 1024px) 100vw, 1024px\" \/><\/a><\/figure><\/li><li class=\"blocks-gallery-item\"><figure><a href=\"https:\/\/www.fotofreunde-wertheim.de\/wp\/?attachment_id=3704\"><img loading=\"lazy\" decoding=\"async\" width=\"1024\" height=\"768\" src=\"https:\/\/www.fotofreunde-wertheim.de\/wp\/wp-content\/uploads\/2021\/09\/2021-q1p-5-schreck01-1024x768.jpg\" alt=\"\" data-id=\"3704\" data-link=\"https:\/\/www.fotofreunde-wertheim.de\/wp\/?attachment_id=3704\" class=\"wp-image-3704\" srcset=\"https:\/\/www.fotofreunde-wertheim.de\/wp\/wp-content\/uploads\/2021\/09\/2021-q1p-5-schreck01-1024x768.jpg 1024w, https:\/\/www.fotofreunde-wertheim.de\/wp\/wp-content\/uploads\/2021\/09\/2021-q1p-5-schreck01-300x225.jpg 300w, https:\/\/www.fotofreunde-wertheim.de\/wp\/wp-content\/uploads\/2021\/09\/2021-q1p-5-schreck01-768x576.jpg 768w, https:\/\/www.fotofreunde-wertheim.de\/wp\/wp-content\/uploads\/2021\/09\/2021-q1p-5-schreck01-676x507.jpg 676w, https:\/\/www.fotofreunde-wertheim.de\/wp\/wp-content\/uploads\/2021\/09\/2021-q1p-5-schreck01.jpg 1920w\" sizes=\"auto, (max-width: 1024px) 100vw, 1024px\" \/><\/a><\/figure><\/li><li class=\"blocks-gallery-item\"><figure><a href=\"https:\/\/www.fotofreunde-wertheim.de\/wp\/?attachment_id=3705\"><img loading=\"lazy\" decoding=\"async\" width=\"1024\" height=\"576\" src=\"https:\/\/www.fotofreunde-wertheim.de\/wp\/wp-content\/uploads\/2021\/09\/2021-q1p-5-schreck02-1024x576.jpg\" alt=\"\" data-id=\"3705\" data-link=\"https:\/\/www.fotofreunde-wertheim.de\/wp\/?attachment_id=3705\" class=\"wp-image-3705\" srcset=\"https:\/\/www.fotofreunde-wertheim.de\/wp\/wp-content\/uploads\/2021\/09\/2021-q1p-5-schreck02-1024x576.jpg 1024w, https:\/\/www.fotofreunde-wertheim.de\/wp\/wp-content\/uploads\/2021\/09\/2021-q1p-5-schreck02-300x169.jpg 300w, https:\/\/www.fotofreunde-wertheim.de\/wp\/wp-content\/uploads\/2021\/09\/2021-q1p-5-schreck02-768x432.jpg 768w, https:\/\/www.fotofreunde-wertheim.de\/wp\/wp-content\/uploads\/2021\/09\/2021-q1p-5-schreck02-676x380.jpg 676w, https:\/\/www.fotofreunde-wertheim.de\/wp\/wp-content\/uploads\/2021\/09\/2021-q1p-5-schreck02.jpg 1920w\" sizes=\"auto, (max-width: 1024px) 100vw, 1024px\" \/><\/a><\/figure><\/li><\/ul><\/figure>\n","protected":false},"excerpt":{"rendered":"<p>Der 1. Quartalswettbewerb 2021 mit dem Thema &#8222;Strukturen&#8220; ist entschieden: &#8222;Papierbilder&#8220;: Platz: J\u00fcrgen Schreck Platz Helmut Lippert Pl\u00e4tze J\u00fcrgen Schreck, Klaus Neubauer, Werner Scheuermann Digital-Bilder: Pl\u00e4tze: Karin Heim, Klaus Neubauer, [&hellip;]<\/p>\n","protected":false},"author":1,"featured_media":0,"parent":1743,"menu_order":0,"comment_status":"closed","ping_status":"closed","template":"","meta":{"ngg_post_thumbnail":0,"footnotes":""},"class_list":["post-3626","page","type-page","status-publish","hentry","post-preview"],"post_mailing_queue_ids":[],"_links":{"self":[{"href":"https:\/\/www.fotofreunde-wertheim.de\/wp\/wp-json\/wp\/v2\/pages\/3626","targetHints":{"allow":["GET"]}}],"collection":[{"href":"https:\/\/www.fotofreunde-wertheim.de\/wp\/wp-json\/wp\/v2\/pages"}],"about":[{"href":"https:\/\/www.fotofreunde-wertheim.de\/wp\/wp-json\/wp\/v2\/types\/page"}],"author":[{"embeddable":true,"href":"https:\/\/www.fotofreunde-wertheim.de\/wp\/wp-json\/wp\/v2\/users\/1"}],"replies":[{"embeddable":true,"href":"https:\/\/www.fotofreunde-wertheim.de\/wp\/wp-json\/wp\/v2\/comments?post=3626"}],"version-history":[{"count":1,"href":"https:\/\/www.fotofreunde-wertheim.de\/wp\/wp-json\/wp\/v2\/pages\/3626\/revisions"}],"predecessor-version":[{"id":4248,"href":"https:\/\/www.fotofreunde-wertheim.de\/wp\/wp-json\/wp\/v2\/pages\/3626\/revisions\/4248"}],"up":[{"embeddable":true,"href":"https:\/\/www.fotofreunde-wertheim.de\/wp\/wp-json\/wp\/v2\/pages\/1743"}],"wp:attachment":[{"href":"https:\/\/www.fotofreunde-wertheim.de\/wp\/wp-json\/wp\/v2\/media?parent=3626"}],"curies":[{"name":"wp","href":"https:\/\/api.w.org\/{rel}","templated":true}]}}